{"id":42,"date":"2019-01-02T12:02:24","date_gmt":"2019-01-02T12:02:24","guid":{"rendered":"http:\/\/www.ocariz.pfisdbbadalona.cat\/?page_id=42"},"modified":"2022-11-17T09:48:33","modified_gmt":"2022-11-17T09:48:33","slug":"contacto","status":"publish","type":"page","link":"https:\/\/www.ocariz.es\/index.php\/contacto\/","title":{"rendered":"Contacto"},"content":{"rendered":"<div id=\"contact-4\" class=\"contact-section-formsection white-text contact-section\" data-label=\"Contact\" data-id=\"contact-section\" data-category=\"contact\" data-ovid=\"ovid-contact-4-123\" data-bg=\"transparent\">\n<div class=\"gridContainer\">\n<div class=\"row_224\">\n<div class=\"contact-textrow\">\n<div class=\"contact-textcol dynamic-color\">\n<h2><img loading=\"lazy\" decoding=\"async\" class=\"alignnone wp-image-1402\" src=\"https:\/\/www.ocariz.es\/wp-content\/uploads\/2019\/03\/87050-300x300.png\" alt=\"\" width=\"50\" height=\"50\" data-wp-editing=\"1\" \/> Formulario de Contacto<\/h2>\n<p class=\"white_text\">Si quiere ser cliente de OCARIZ o recibir informaci\u00f3n detallada rellene este formulario y nos pondremos en contacto con Ud. lo antes posible.<\/p>\n\n<\/div>\n<\/div>\n<\/div>\n<div class=\"contact-formcol\" data-editable=\"true\" data-content-shortcode=\"one_page_express_contact_form shortcode=&quot;contact-form-7 id=&amp;amp;quot;56&amp;amp;quot; title=&amp;amp;quot;Contacto&amp;amp;quot;&quot;\">\n<div class=\"wpcf7 no-js\" id=\"wpcf7-f56-o1\" lang=\"es-ES\" dir=\"ltr\" data-wpcf7-id=\"56\">\n<div class=\"screen-reader-response\"><p role=\"status\" aria-live=\"polite\" aria-atomic=\"true\"><\/p> <ul><\/ul><\/div>\n<form action=\"\/index.php\/wp-json\/wp\/v2\/pages\/42#wpcf7-f56-o1\" method=\"post\" class=\"wpcf7-form init\" aria-label=\"Formulario de contacto\" novalidate=\"novalidate\" data-status=\"init\">\n<fieldset class=\"hidden-fields-container\"><input type=\"hidden\" name=\"_wpcf7\" value=\"56\" \/><input type=\"hidden\" name=\"_wpcf7_version\" value=\"6.1.5\" \/><input type=\"hidden\" name=\"_wpcf7_locale\" value=\"es_ES\" \/><input type=\"hidden\" name=\"_wpcf7_unit_tag\" value=\"wpcf7-f56-o1\" \/><input type=\"hidden\" name=\"_wpcf7_container_post\" value=\"0\" \/><input type=\"hidden\" name=\"_wpcf7_posted_data_hash\" value=\"\" \/>\n<\/fieldset>\n<p><label> Nombre *<br \/>\n<span class=\"wpcf7-form-control-wrap\" data-name=\"your-name\"><input size=\"40\" maxlength=\"400\" class=\"wpcf7-form-control wpcf7-text wpcf7-validates-as-required\" aria-required=\"true\" aria-invalid=\"false\" value=\"\" type=\"text\" name=\"your-name\" \/><\/span> <\/label>\n<\/p>\n<p><label> Correo Electronico *<br \/>\n<span class=\"wpcf7-form-control-wrap\" data-name=\"your-email\"><input size=\"40\" maxlength=\"400\" class=\"wpcf7-form-control wpcf7-email wpcf7-validates-as-required wpcf7-text wpcf7-validates-as-email\" aria-required=\"true\" aria-invalid=\"false\" value=\"\" type=\"email\" name=\"your-email\" \/><\/span> <\/label>\n<\/p>\n<p><label> Asunto<br \/>\n<span class=\"wpcf7-form-control-wrap\" data-name=\"your-subject\"><input size=\"40\" maxlength=\"400\" class=\"wpcf7-form-control wpcf7-text\" aria-invalid=\"false\" value=\"\" type=\"text\" name=\"your-subject\" \/><\/span> <\/label>\n<\/p>\n<p><label> Mensaje ...<br \/>\n<span class=\"wpcf7-form-control-wrap\" data-name=\"your-message\"><textarea cols=\"40\" rows=\"10\" maxlength=\"2000\" class=\"wpcf7-form-control wpcf7-textarea\" aria-invalid=\"false\" name=\"your-message\"><\/textarea><\/span> <\/label>\n<\/p>\n<p><input class=\"wpcf7-form-control wpcf7-submit has-spinner\" type=\"submit\" value=\"Enviar Correo\" \/>\n<\/p><p style=\"display: none !important;\" class=\"akismet-fields-container\" data-prefix=\"_wpcf7_ak_\"><label>&#916;<textarea name=\"_wpcf7_ak_hp_textarea\" cols=\"45\" rows=\"8\" maxlength=\"100\"><\/textarea><\/label><input type=\"hidden\" id=\"ak_js_1\" name=\"_wpcf7_ak_js\" value=\"87\"\/><script type=\"text\/javascript\">\n\/* <![CDATA[ *\/\ndocument.getElementById( \"ak_js_1\" ).setAttribute( \"value\", ( new Date() ).getTime() );\n\/* ]]> *\/\n<\/script>\n<\/p><div class=\"wpcf7-response-output\" aria-hidden=\"true\"><\/div>\n<\/form>\n<\/div>\n<\/div>\n<\/div>\n<\/div>\n<div id=\"content-3\" class=\"content-left-image-section content-image-left\" style=\"background-color: #ffffff;\" data-label=\"Content\" data-id=\"content-image-left\" data-category=\"content\">\n<div class=\"gridContainer\">\n<div class=\"row\">\n<div class=\"content-left-image-imgcol\" data-type=\"column\"><img decoding=\"async\" class=\"\" src=\"https:\/\/www.ocariz.es\/wp-content\/uploads\/2019\/01\/fabrica3.jpg\" \/><\/div>\n<div class=\"content-left-image-textcol dynamic-color\" data-type=\"column\">\n<h3 class=\"\">HERRAJES OCARIZ S.A.<\/h3>\n<p class=\"large_text\"><span style=\"font-weight: 300;\">Portal de Beto\u00f1o, 16 \u2013 Apartado 95<\/span><\/p>\n<p class=\"large_text\">01013 VITORIA (\u00c1lava)<\/p>\n<p class=\"large_text\">Telf: +34 945 263 400<\/p>\n<p class=\"large_text\">E-Mail: ocariz@ocariz.es<\/p>\n\n<\/div>\n<\/div>\n<span style=\"color: #ff6600;\">Pol\u00edtica de privacidad<\/span>\n\nEstamos comprometidos con la protecci\u00f3n de la privacidad y el uso correcto de los datos personales que tratamos. Esta pol\u00edtica describe c\u00f3mo podemos tratar dichos datos y los derechos de los usuarios sobre sus datos personales en este sitio web y en su caso, cualquiera de sus subdominios.\n\n<strong>Jurisdicci\u00f3n y competencia<\/strong>\n\n<strong>\u00a0<\/strong>En el supuesto de conflicto o disputa respecto a la interpretaci\u00f3n de las presentes condiciones, as\u00ed como sobre cualquier extremo relacionado con los servicios del presente Sitio Web la Jurisdicci\u00f3n y Normativa aplicable ser\u00e1 la espa\u00f1ola, mientras que los Tribunales competentes ser\u00e1n los de Vitoria.\n\n<strong>Tu consentimiento<\/strong>\n\n<strong>\u00a0<\/strong>Por favor, lee atentamente esta pol\u00edtica y aseg\u00farate de que la entiendes y est\u00e1s de acuerdo con ella, antes de acceder a, o utilizar cualquiera de nuestros servicios o facilitarnos tus datos personales y, si no est\u00e1s de acuerdo con la misma, no utilices este sitio web o sus servicios ni nos facilites tus datos. El hecho de acceder a este sitio, usar cualquiera de sus servicios o facilitarnos tus datos lo entenderemos como una clara acci\u00f3n afirmativa por la que nos das tu consentimiento para tratar tus datos para las finalidades que luego se indican.\n\n<strong>\u00bfQui\u00e9n es el responsable de tratar tus datos?<\/strong>\n\n<strong>\u00a0<\/strong><strong>HERRAJES OCARIZ, S.A.<\/strong>\n\n<strong>CIF. A01145788<\/strong>\n\n<strong>PORTAL DE BETO\u00d1O, 16<\/strong>\n\n<strong>01013 VITORIA<\/strong>\n\n<strong>ALAVA<\/strong>\n\n<strong>\u00a0<\/strong><strong>\u00bfC\u00f3mo hemos obtenido tus datos?<\/strong>\n\n<strong>\u00a0<\/strong>Si ya eres cliente, nos los has facilitado t\u00fa off-line al solicitar nuestros servicios, para poder mantener la relaci\u00f3n contractual contigo.\n\nSi los datos nos los has aportado a trav\u00e9s de este sitio web, recopilamos informaci\u00f3n, por ejemplo, cuando accedes a la p\u00e1gina, cuando rellenas cualquier formulario que requiera datos personales, cuando cargas informaci\u00f3n o contenidos; o cuando te comunicas con nosotros directamente.\n\nPodemos tratar y registrar dichos usos, e informaci\u00f3n relacionada, ya sea en forma independiente o con la ayuda de servicios de terceros, incluso mediante el uso de \u201ccookies\u201d (Si lo desea, puede obtener m\u00e1s informaci\u00f3n sobre la configuraci\u00f3n de cookies en diferentes navegadores pulsando aqu\u00ed.) y otras tecnolog\u00edas de seguimiento.\n\nCuando voluntariamente introduces tus datos personales, garantizas que est\u00e1s habilitado para facilitar esta informaci\u00f3n y que la informaci\u00f3n es cierta, veraz, exacta y actualizada, que no es confidencial y que no viola ninguna restricci\u00f3n contractual o derechos de terceros.\n\nTienes la responsabilidad de mantener tus datos correctos y actualizados, declinando toda responsabilidad HERRAJES OCARIZ, S.A. en caso de no hacerlo.\n\n<strong>\u00a0<\/strong><strong>Datos de terceros<\/strong>\n\n<strong>\u00a0<\/strong>Con respecto a los datos de otras personas debes respetar su privacidad prestando especial cuidado a la hora de publicar sus datos de car\u00e1cter personal. Te recordamos que como usuario s\u00f3lo puedes consentir el tratamiento de tus datos personales, pero no los de terceros y que la comunicaci\u00f3n de datos de terceros constituye una cesi\u00f3n de datos de car\u00e1cter personal.\n\nEn el supuesto de que facilites datos de car\u00e1cter personal de terceros, es tu responsabilidad contar con el consentimiento previo y expreso de los mismos para utilizarlos y comunic\u00e1rnoslos y te haces responsable de comunicarles la inclusi\u00f3n de sus datos en nuestros ficheros.\n\nLa publicaci\u00f3n de datos de terceros sin su consentimiento puede infringir, adem\u00e1s de la normativa sobre protecci\u00f3n de datos, el derecho al honor, a la intimidad o a la propia imagen de dichos terceros, derechos cuya protecci\u00f3n se rige por lo dispuesto en la Ley Org\u00e1nica 1\/1982, de 5 de mayo, de protecci\u00f3n civil del derecho al honor, a la intimidad personal y familiar y a la propia imagen.\n\n<strong>\u00a0<\/strong><strong>\u00bfCon qu\u00e9 finalidad tratamos sus datos?<\/strong>\n\n<strong>\u00a0<\/strong>Los podemos tratar para distintas finalidades, por ejemplo:\n<ol>\n \t<li>En el caso de que seas cliente actual o potencial, para gestionar tu encargo y realizar el suministro, asesoramiento y asistencia t\u00e9cnica en el sector de la industria y la construcci\u00f3n.<\/li>\n<\/ol>\n<ol start=\"2\">\n \t<li>Mantener el contacto y la comunicaci\u00f3n contigo, gestionar la relaci\u00f3n contractual y\/o comercial, incluidos servicios de postventa y garant\u00eda, la gesti\u00f3n y facturaci\u00f3n de losservicios y\/o productos solicitados.<\/li>\n<\/ol>\n<ol start=\"3\">\n \t<li>Si eres tan s\u00f3lo un usuario de nuestro sitio web, y todav\u00eda no eres cliente para gestionar laspeticiones que nos realices on-line.<\/li>\n<\/ol>\n<ol start=\"4\">\n \t<li>En el caso de aportarnos tus datos curriculares o enviarnos tu curr\u00edculum, contactar contigo y gestionar los procesos de selecci\u00f3n que llevemos a cabo.<\/li>\n<\/ol>\n<ol start=\"5\">\n \t<li>Para ofrecerte productos y servicios de acuerdo con tus intereses; mejorar tu experiencia\u00a0 de usuario\/cliente; desarrollar, personalizar y mejorar m\u00e1s nuestros servicios, conforme a las preferencias, experiencias y dificultades comunes o personales de los usuarios\/clientes podremos elaborar un \u201cperfil comercial\u201d, sobre la base de la informaci\u00f3n facilitada., pero no tomaremos decisiones automatizadas sobre la base de dicho perfil.<\/li>\n<\/ol>\n<ol start=\"6\">\n \t<li>En ambos casos para mantener el contacto y la comunicaci\u00f3n contigo, realizar encuestas de opini\u00f3n y\/o satisfacci\u00f3n y remitirte informaci\u00f3n sobre nuestras actividades, productos y\/o servicios (incluidas comunicaciones publicitarias y\/o comerciales a los efectos del art. 21 LSSICE 34\/2002).<\/li>\n<\/ol>\n<strong>\u00bfDurante cu\u00e1nto tiempo conservaremos tus datos?<\/strong>\n\n<strong>\u00a0<\/strong>Los datos personales proporcionados se conservar\u00e1n durante un plazo de 6 a\u00f1os a partir de la extinci\u00f3n de la relaci\u00f3n contractual, en el caso de los clientes, y mientras no nos solicites su supresi\u00f3n si eres un mero usuario de la p\u00e1gina web. Incluso transcurridos esos plazos podremos mantenerlos, limitando su tratamiento, \u00fanicamente para el cumplimiento de obligaciones legales y\/o el ejercicio o la defensa de reclamaciones.\n\n<strong>\u00a0<\/strong><strong>\u00bfCu\u00e1l es la legitimaci\u00f3n para el tratamiento de tus datos?<\/strong>\n\n<strong>\u00a0<\/strong>La base jur\u00eddica que nos legitima para el tratamiento de tus datos es el contrato (mercantil, administrativo, laboral, compraventa, prestaci\u00f3n de servicios) existente entre las partes si eres cliente actual o potencial, o, por ejemplo, la solicitud que nos hayas realizado a trav\u00e9s de nuestra p\u00e1gina web en el caso de ser un mero usuario de la misma.\n\nAdicionalmente, tenemos un inter\u00e9s leg\u00edtimo, derivado de la relaci\u00f3n, pertinente y apropiada, que mantienes con nosotros como cliente, usuario de nuestra web, en tratar tus datos para, dentro del mantenimiento y gesti\u00f3n de la misma, para:\n<ul>\n \t<li>Atender las peticiones realizadas a trav\u00e9s de nuestra web.<\/li>\n \t<li>Poder enviarte informaci\u00f3n comercial sobre nuestras actividades, productos y servicios,(incluidas comunicaciones publicitarias y\/o comerciales a los efectos del art. 21 LSSICE34\/2002) o aquellas entidades terceras con las que cualquier empresa haya suscrito acuerdode colaboraci\u00f3n.<\/li>\n<\/ul>\n<ul>\n \t<li>Comunicar tus datos a otras empresas del grupo para prestar al cliente un servicio integral o especializado que requiera la intervenci\u00f3n de equipos interdisciplinares y; para fines administrativos internos.<\/li>\n<\/ul>\n<ul>\n \t<li>Realizar encuestas de opini\u00f3n y\/o satisfacci\u00f3n \u2026<\/li>\n \t<li>Prevenci\u00f3n del fraude.<\/li>\n<\/ul>\nEsos fines son compatibles con la finalidad inicial para la que recogimos tus datos inicialmente (gestionar el contacto y la comunicaci\u00f3n contigo y mantener la relaci\u00f3n que nos une) pero, en todo caso, la aportaci\u00f3n de tus datos para estos fines es siempre voluntaria y siempre prevalecer\u00e1n, sobre nuestro inter\u00e9s leg\u00edtimo, tus intereses, derechos o libertades, por lo que si nos solicitas que suprimamos y dejemos de tratar tus datos para estas finalidades, as\u00ed lo haremos, pudiendo mantenerlos bloqueados para la formulaci\u00f3n, ejercicio o defensa de reclamaciones.\n\nSi nos has facilitado datos sensibles sujetos a una protecci\u00f3n especial la legitimaci\u00f3n para tratarlos es tu consentimiento expreso. Dicho consentimiento nos lo otorgas de forma inequ\u00edvoca al facilitarnos tus datos, consider\u00e1ndose dicha facilitaci\u00f3n un acto afirmativo claro que manifiesta dicho consentimiento.\n\n<strong>\u00bfA qu\u00e9 destinatarios se podr\u00e1n comunicar tus datos?<\/strong>\n\n<strong>\u00a0<\/strong>Los datos se comunicar\u00e1n a otras empresas para fines administrativos internos, incluido el tratamiento de datos personales de clientes.\n\nTe informamos que los datos que nos proporcionas podr\u00e1n ser comunicados a terceras entidades para el cumplimiento de fines directamente relacionados con funciones leg\u00edtimas de cedente y cesionario como:\n<ol>\n \t<li>Organismos de las Administraciones P\u00fablicas a los que exista obligaci\u00f3n legal de realizar comunicaciones de datos (administraci\u00f3n tributaria, organismos de la seguridad social,inspecci\u00f3n de trabajo\u2026), Notar\u00edas, Registros, Mutuas, Juzgados o Tribunales, Abogados,Procuradores, Peritos etc, dicha comunicaci\u00f3n se har\u00e1 siempre para el cumplimiento de fines directamente relacionados con funciones leg\u00edtimas de cedente y cesionario.<\/li>\n<\/ol>\n<ol start=\"2\">\n \t<li>A entidades bancarias para la gesti\u00f3n de cobros y pagos.<\/li>\n \t<li>Utilizamos empresas americanas como Microsoft proveedora de la aplicaci\u00f3n Office y<\/li>\n<\/ol>\nWindows, hemos elegido a la citada empresa dado que se encuentra adherida al acuerdo Privacy Shield, lo que quiere decir que se obliga a cumplir requisitos equivalentes a los Europeos en materia de protecci\u00f3n de datos, de tal manera que el nivel de protecci\u00f3n de sus datos personales no se vea menoscabado. El citado acuerdo Privacy Shield es un instrumento jur\u00eddicamente vinculante y exigible entre la UE y EEUU y se considera por la Comisi\u00f3n Europea que facilita garant\u00edas adecuadas para la protecci\u00f3n de los datos personales de los interesados. Si lo deseas puede acceder a la pol\u00edtica de privacidad de Microsoft en su p\u00e1gina web.\n\nEn todo caso, por la aceptaci\u00f3n de esta pol\u00edtica de protecci\u00f3n de datos autorizas expresa e inequ\u00edvocamente la comunicaci\u00f3n de tus datos a dicha empresa, conociendo que ello supone una transferencia internacional de datos un pa\u00eds no perteneciente al Espacio Econ\u00f3mico Europeo y dando tu consentimiento inequ\u00edvoco a dicha transferencia.\n\nTus comentarios emitidos en nuestros perfiles en las redes sociales podr\u00e1n ser publicados en nuestra p\u00e1gina web, as\u00ed como la fotograf\u00eda incluida en esos comentarios.\n\nEn el supuesto de que el Usuario facilite datos de car\u00e1cter personal de terceros para que resulten beneficiarios de los servicios, declara contar con el consentimiento previo y expreso de los mismos para comunic\u00e1rnoslos y se hace responsable de comunicar a todos ellos la inclusi\u00f3n de los mismos en nuestros ficheros.\n\nEl usuario se compromete a introducir datos exactos, actuales y veraces de forma que no induzca a error a los receptores de la informaci\u00f3n, as\u00ed como a no suplantar a otros Usuarios utilizando sus datos de registro a los distintos servicios y\/o contenidos del Sitio Web.\n\n\u00bfCu\u00e1les son tus derechos cuando nos facilitas tus datos?\n<ol>\n \t<li>Derecho de acceso: Puedes preguntarnos qu\u00e9 datos personales estamos tratando incluso solicitarnos una copia de los Mismos.<\/li>\n<\/ol>\n<ol start=\"2\">\n \t<li>Derecho de rectificaci\u00f3n: Puedes solicitarnos la rectificaci\u00f3n de los datos personales inexactos o que se completemos los que sean incompletos, inclusive mediante unadeclaraci\u00f3n adicional.<\/li>\n<\/ol>\n<ol start=\"3\">\n \t<li>Derecho de supresi\u00f3n (derecho al olvido): Puedes solicitarnos la supresi\u00f3n de tus datospersonales cuando: no sean necesarios para los fines para los que fueron recogidos, retirestu consentimiento, haya habido un tratamiento il\u00edcito de los mismos o por cumplimiento deuna obligaci\u00f3n legal.<\/li>\n<\/ol>\n<ol start=\"4\">\n \t<li>Derecho a la limitaci\u00f3n del tratamiento: Puedes solicitarnos la limitaci\u00f3n del tratamiento de tus datos, en cuyo caso \u00fanicamente los conservaremos para el ejercicio o la defensa de reclamaciones.<\/li>\n<\/ol>\n<ol start=\"5\">\n \t<li>Derecho a la portabilidad de los datos: Puedes solicitarnos que te devolvamos (a ti o a un tercero que nos indiques) tus datos personales en un formato estructurado, de uso com\u00fan y lectura mec\u00e1nica.<\/li>\n<\/ol>\n<ol start=\"6\">\n \t<li>Derecho de oposici\u00f3n: Puedes oponerte al tratamiento que se haga de tus datos si dicho tratamiento se base en el inter\u00e9s leg\u00edtimo del responsable del fichero o es para fines publicitarios.<\/li>\n<\/ol>\nPara ejercer todos estos derechos puede dirigirte mediante solicitud escrita y firmada a <a href=\"mailto:ocariz@ocariz.es\">ocariz@ocariz.es<\/a> adjuntando en todo caso copia de su DNI. En caso de modificaci\u00f3n de tus datos deber\u00e1 notificarlo en la misma direcci\u00f3n, declinando toda responsabilidad para la empresa en caso de no hacerlo.\n\nUna vez recibida cualquiera de las anteriores solicitudes te responderemos en un plazo m\u00e1ximo de 10 d\u00edas.\n\nTienes derecho a reclamar ante la Agencia Espa\u00f1ola de Protecci\u00f3n de Datos. Si deseas m\u00e1s informaci\u00f3n acerca de los derechos que puedes ejercitar y para la solicitud de modelos de formularios de ejercicio de derechos puedes visitar la p\u00e1gina web de la Agencia espa\u00f1ola de Protecci\u00f3n de Datos, <a href=\"http:\/\/www.agpd.es\">www.agpd.es<\/a>.\n\n<strong>\u00bfC\u00f3mo hemos obtenido sus datos?<\/strong>\n\n<strong>\u00a0<\/strong>Los datos personales que tratamos en HERRAJES OCARIZ ,S.A. proceden directamente del interesado.\n\n<\/div>\n<\/div>\n<div id=\"about-1\" class=\"about-big-images-section\" style=\"background-image: none; background-color: #f6f6f6;\" data-label=\"About\" data-id=\"about-big-images-section\" data-category=\"about\" data-ovid=\"ovid-about-1-144\">\n<div>\n<div class=\"about-big-images-textrow\">\n<div class=\"about-big-images-textcol dynamic-color\" data-type=\"column\"><\/div>\n<\/div>\n<\/div>\n<\/div>","protected":false},"excerpt":{"rendered":"<p>Formulario de Contacto Si quiere ser cliente de OCARIZ o recibir informaci\u00f3n detallada rellene este formulario y nos pondremos en contacto con Ud. lo antes posible. HERRAJES OCARIZ S.A. Portal de Beto\u00f1o, 16 \u2013 Apartado 95 01013 VITORIA (\u00c1lava) Telf: +34 945 263 400 E-Mail: ocariz@ocariz.es Pol\u00edtica de privacidad Estamos comprometidos con la protecci\u00f3n de&hellip; <br \/> <a class=\"button small blue\" href=\"https:\/\/www.ocariz.es\/index.php\/contacto\/\">Leer m\u00e1s<\/a><\/p>\n","protected":false},"author":1,"featured_media":1475,"parent":0,"menu_order":0,"comment_status":"closed","ping_status":"closed","template":"full-width-page.php","meta":{"footnotes":""},"class_list":["post-42","page","type-page","status-publish","has-post-thumbnail","hentry"],"yoast_head":"<!-- This site is optimized with the Yoast SEO plugin v27.5 - https:\/\/yoast.com\/product\/yoast-seo-wordpress\/ -->\n<title>Contacto - Herrajes Ocariz, S.A.<\/title>\n<meta name=\"description\" content=\"Si quiere ser cliente de OCARIZ o recibir informaci\u00f3n detallada, rellene el formulario y nos pondremos en contacto con Ud. lo antes posible\" \/>\n<meta name=\"robots\" content=\"index, follow, max-snippet:-1, max-image-preview:large, max-video-preview:-1\" \/>\n<link rel=\"canonical\" href=\"https:\/\/www.ocariz.es\/index.php\/contacto\/\" \/>\n<meta property=\"og:locale\" content=\"es_ES\" \/>\n<meta property=\"og:type\" content=\"article\" \/>\n<meta property=\"og:title\" content=\"Contacto - Herrajes Ocariz, S.A.\" \/>\n<meta property=\"og:description\" content=\"Si quiere ser cliente de OCARIZ o recibir informaci\u00f3n detallada, rellene el formulario y nos pondremos en contacto con Ud. lo antes posible\" \/>\n<meta property=\"og:url\" content=\"https:\/\/www.ocariz.es\/index.php\/contacto\/\" \/>\n<meta property=\"og:site_name\" content=\"Herrajes Ocariz, S.A.\" \/>\n<meta property=\"article:modified_time\" content=\"2022-11-17T09:48:33+00:00\" \/>\n<meta property=\"og:image\" content=\"https:\/\/www.ocariz.es\/wp-content\/uploads\/2019\/04\/icono-carrito-compra-e1569495303258.png\" \/>\n\t<meta property=\"og:image:width\" content=\"100\" \/>\n\t<meta property=\"og:image:height\" content=\"100\" \/>\n\t<meta property=\"og:image:type\" content=\"image\/png\" \/>\n<meta name=\"twitter:card\" content=\"summary_large_image\" \/>\n<meta name=\"twitter:label1\" content=\"Tiempo de lectura\" \/>\n\t<meta name=\"twitter:data1\" content=\"10 minutos\" \/>\n<script type=\"application\/ld+json\" class=\"yoast-schema-graph\">{\"@context\":\"https:\\\/\\\/schema.org\",\"@graph\":[{\"@type\":\"WebPage\",\"@id\":\"https:\\\/\\\/www.ocariz.es\\\/index.php\\\/contacto\\\/\",\"url\":\"https:\\\/\\\/www.ocariz.es\\\/index.php\\\/contacto\\\/\",\"name\":\"Contacto - Herrajes Ocariz, S.A.\",\"isPartOf\":{\"@id\":\"https:\\\/\\\/www.ocariz.es\\\/#website\"},\"primaryImageOfPage\":{\"@id\":\"https:\\\/\\\/www.ocariz.es\\\/index.php\\\/contacto\\\/#primaryimage\"},\"image\":{\"@id\":\"https:\\\/\\\/www.ocariz.es\\\/index.php\\\/contacto\\\/#primaryimage\"},\"thumbnailUrl\":\"https:\\\/\\\/www.ocariz.es\\\/wp-content\\\/uploads\\\/2019\\\/04\\\/icono-carrito-compra-e1569495303258.png\",\"datePublished\":\"2019-01-02T12:02:24+00:00\",\"dateModified\":\"2022-11-17T09:48:33+00:00\",\"description\":\"Si quiere ser cliente de OCARIZ o recibir informaci\u00f3n detallada, rellene el formulario y nos pondremos en contacto con Ud. lo antes posible\",\"breadcrumb\":{\"@id\":\"https:\\\/\\\/www.ocariz.es\\\/index.php\\\/contacto\\\/#breadcrumb\"},\"inLanguage\":\"es\",\"potentialAction\":[{\"@type\":\"ReadAction\",\"target\":[\"https:\\\/\\\/www.ocariz.es\\\/index.php\\\/contacto\\\/\"]}]},{\"@type\":\"ImageObject\",\"inLanguage\":\"es\",\"@id\":\"https:\\\/\\\/www.ocariz.es\\\/index.php\\\/contacto\\\/#primaryimage\",\"url\":\"https:\\\/\\\/www.ocariz.es\\\/wp-content\\\/uploads\\\/2019\\\/04\\\/icono-carrito-compra-e1569495303258.png\",\"contentUrl\":\"https:\\\/\\\/www.ocariz.es\\\/wp-content\\\/uploads\\\/2019\\\/04\\\/icono-carrito-compra-e1569495303258.png\",\"width\":100,\"height\":100},{\"@type\":\"BreadcrumbList\",\"@id\":\"https:\\\/\\\/www.ocariz.es\\\/index.php\\\/contacto\\\/#breadcrumb\",\"itemListElement\":[{\"@type\":\"ListItem\",\"position\":1,\"name\":\"Portada\",\"item\":\"https:\\\/\\\/www.ocariz.es\\\/\"},{\"@type\":\"ListItem\",\"position\":2,\"name\":\"Contacto\"}]},{\"@type\":\"WebSite\",\"@id\":\"https:\\\/\\\/www.ocariz.es\\\/#website\",\"url\":\"https:\\\/\\\/www.ocariz.es\\\/\",\"name\":\"Herrajes Ocariz, S.A.\",\"description\":\"Atenci\u00f3n telef\u00f3nica +34 945 263 400\",\"publisher\":{\"@id\":\"https:\\\/\\\/www.ocariz.es\\\/#organization\"},\"potentialAction\":[{\"@type\":\"SearchAction\",\"target\":{\"@type\":\"EntryPoint\",\"urlTemplate\":\"https:\\\/\\\/www.ocariz.es\\\/?s={search_term_string}\"},\"query-input\":{\"@type\":\"PropertyValueSpecification\",\"valueRequired\":true,\"valueName\":\"search_term_string\"}}],\"inLanguage\":\"es\"},{\"@type\":\"Organization\",\"@id\":\"https:\\\/\\\/www.ocariz.es\\\/#organization\",\"name\":\"HERRAJES OCARIZ, S.A.\",\"url\":\"https:\\\/\\\/www.ocariz.es\\\/\",\"logo\":{\"@type\":\"ImageObject\",\"inLanguage\":\"es\",\"@id\":\"https:\\\/\\\/www.ocariz.es\\\/#\\\/schema\\\/logo\\\/image\\\/\",\"url\":\"https:\\\/\\\/www.ocariz.es\\\/wp-content\\\/uploads\\\/2019\\\/01\\\/ocariz90.png\",\"contentUrl\":\"https:\\\/\\\/www.ocariz.es\\\/wp-content\\\/uploads\\\/2019\\\/01\\\/ocariz90.png\",\"width\":94,\"height\":76,\"caption\":\"HERRAJES OCARIZ, S.A.\"},\"image\":{\"@id\":\"https:\\\/\\\/www.ocariz.es\\\/#\\\/schema\\\/logo\\\/image\\\/\"}}]}<\/script>\n<!-- \/ Yoast SEO plugin. -->","yoast_head_json":{"title":"Contacto - Herrajes Ocariz, S.A.","description":"Si quiere ser cliente de OCARIZ o recibir informaci\u00f3n detallada, rellene el formulario y nos pondremos en contacto con Ud. lo antes posible","robots":{"index":"index","follow":"follow","max-snippet":"max-snippet:-1","max-image-preview":"max-image-preview:large","max-video-preview":"max-video-preview:-1"},"canonical":"https:\/\/www.ocariz.es\/index.php\/contacto\/","og_locale":"es_ES","og_type":"article","og_title":"Contacto - Herrajes Ocariz, S.A.","og_description":"Si quiere ser cliente de OCARIZ o recibir informaci\u00f3n detallada, rellene el formulario y nos pondremos en contacto con Ud. lo antes posible","og_url":"https:\/\/www.ocariz.es\/index.php\/contacto\/","og_site_name":"Herrajes Ocariz, S.A.","article_modified_time":"2022-11-17T09:48:33+00:00","og_image":[{"width":100,"height":100,"url":"https:\/\/www.ocariz.es\/wp-content\/uploads\/2019\/04\/icono-carrito-compra-e1569495303258.png","type":"image\/png"}],"twitter_card":"summary_large_image","twitter_misc":{"Tiempo de lectura":"10 minutos"},"schema":{"@context":"https:\/\/schema.org","@graph":[{"@type":"WebPage","@id":"https:\/\/www.ocariz.es\/index.php\/contacto\/","url":"https:\/\/www.ocariz.es\/index.php\/contacto\/","name":"Contacto - Herrajes Ocariz, S.A.","isPartOf":{"@id":"https:\/\/www.ocariz.es\/#website"},"primaryImageOfPage":{"@id":"https:\/\/www.ocariz.es\/index.php\/contacto\/#primaryimage"},"image":{"@id":"https:\/\/www.ocariz.es\/index.php\/contacto\/#primaryimage"},"thumbnailUrl":"https:\/\/www.ocariz.es\/wp-content\/uploads\/2019\/04\/icono-carrito-compra-e1569495303258.png","datePublished":"2019-01-02T12:02:24+00:00","dateModified":"2022-11-17T09:48:33+00:00","description":"Si quiere ser cliente de OCARIZ o recibir informaci\u00f3n detallada, rellene el formulario y nos pondremos en contacto con Ud. lo antes posible","breadcrumb":{"@id":"https:\/\/www.ocariz.es\/index.php\/contacto\/#breadcrumb"},"inLanguage":"es","potentialAction":[{"@type":"ReadAction","target":["https:\/\/www.ocariz.es\/index.php\/contacto\/"]}]},{"@type":"ImageObject","inLanguage":"es","@id":"https:\/\/www.ocariz.es\/index.php\/contacto\/#primaryimage","url":"https:\/\/www.ocariz.es\/wp-content\/uploads\/2019\/04\/icono-carrito-compra-e1569495303258.png","contentUrl":"https:\/\/www.ocariz.es\/wp-content\/uploads\/2019\/04\/icono-carrito-compra-e1569495303258.png","width":100,"height":100},{"@type":"BreadcrumbList","@id":"https:\/\/www.ocariz.es\/index.php\/contacto\/#breadcrumb","itemListElement":[{"@type":"ListItem","position":1,"name":"Portada","item":"https:\/\/www.ocariz.es\/"},{"@type":"ListItem","position":2,"name":"Contacto"}]},{"@type":"WebSite","@id":"https:\/\/www.ocariz.es\/#website","url":"https:\/\/www.ocariz.es\/","name":"Herrajes Ocariz, S.A.","description":"Atenci\u00f3n telef\u00f3nica +34 945 263 400","publisher":{"@id":"https:\/\/www.ocariz.es\/#organization"},"potentialAction":[{"@type":"SearchAction","target":{"@type":"EntryPoint","urlTemplate":"https:\/\/www.ocariz.es\/?s={search_term_string}"},"query-input":{"@type":"PropertyValueSpecification","valueRequired":true,"valueName":"search_term_string"}}],"inLanguage":"es"},{"@type":"Organization","@id":"https:\/\/www.ocariz.es\/#organization","name":"HERRAJES OCARIZ, S.A.","url":"https:\/\/www.ocariz.es\/","logo":{"@type":"ImageObject","inLanguage":"es","@id":"https:\/\/www.ocariz.es\/#\/schema\/logo\/image\/","url":"https:\/\/www.ocariz.es\/wp-content\/uploads\/2019\/01\/ocariz90.png","contentUrl":"https:\/\/www.ocariz.es\/wp-content\/uploads\/2019\/01\/ocariz90.png","width":94,"height":76,"caption":"HERRAJES OCARIZ, S.A."},"image":{"@id":"https:\/\/www.ocariz.es\/#\/schema\/logo\/image\/"}}]}},"_links":{"self":[{"href":"https:\/\/www.ocariz.es\/index.php\/wp-json\/wp\/v2\/pages\/42","targetHints":{"allow":["GET"]}}],"collection":[{"href":"https:\/\/www.ocariz.es\/index.php\/wp-json\/wp\/v2\/pages"}],"about":[{"href":"https:\/\/www.ocariz.es\/index.php\/wp-json\/wp\/v2\/types\/page"}],"author":[{"embeddable":true,"href":"https:\/\/www.ocariz.es\/index.php\/wp-json\/wp\/v2\/users\/1"}],"replies":[{"embeddable":true,"href":"https:\/\/www.ocariz.es\/index.php\/wp-json\/wp\/v2\/comments?post=42"}],"version-history":[{"count":69,"href":"https:\/\/www.ocariz.es\/index.php\/wp-json\/wp\/v2\/pages\/42\/revisions"}],"predecessor-version":[{"id":2594,"href":"https:\/\/www.ocariz.es\/index.php\/wp-json\/wp\/v2\/pages\/42\/revisions\/2594"}],"wp:featuredmedia":[{"embeddable":true,"href":"https:\/\/www.ocariz.es\/index.php\/wp-json\/wp\/v2\/media\/1475"}],"wp:attachment":[{"href":"https:\/\/www.ocariz.es\/index.php\/wp-json\/wp\/v2\/media?parent=42"}],"curies":[{"name":"wp","href":"https:\/\/api.w.org\/{rel}","templated":true}]}}